{"version":"1.0","provider_name":"Pont Hu","provider_url":"https:\/\/ponthu.cafeblog.hu","author_name":"Emmanuel Rossi","author_url":"https:\/\/ponthu.cafeblog.hu\/author\/emmanuel_rossi\/","title":"F\u00e9rfias \u00f6lel\u00e9s","html":"<p><a href=\"https:\/\/ponthu.cafeblog.hu\/files\/2015\/09\/FerfiasOleles01.jpg\"><img class=\" size-full wp-image-180 aligncenter\" src=\"https:\/\/ponthu.cafeblog.hu\/files\/2015\/09\/FerfiasOleles01.jpg\" alt=\"FerfiasOleles01\" width=\"500\" height=\"402\" \/><\/a><\/p>\r\n<p><strong>Megind\u00edt\u00f3 t\u00f6rt\u00e9net f\u00e9rfiakr\u00f3l, gyermekekr\u0151l, hib\u00e1kr\u00f3l \u00e9s megbocs\u00e1t\u00e1sr\u00f3l<\/strong><\/p>\r\n<p>&nbsp;<\/p>\r\n<p>Ez a sztori a val\u00f3s\u00e1gban megt\u00f6rt\u00e9nt igaz t\u00f6rt\u00e9net. Onnan tudom, hogy velem esett meg.<\/p>\r\n<p>\u00c9s b\u00e1r \u00e9vekkel ezel\u0151tt t\u00f6rt\u00e9nt, ma is \u00e9l\u00e9nken eml\u00e9kszem minden r\u00e9szlet\u00e9re.<\/p>\r\n<p>Kiss\u00e9 cs\u00edp\u0151s, de ver\u0151f\u00e9nyes d\u00e9lel\u0151ttel \u00f6rvendezetett meg az id\u0151j\u00e1r\u00e1s azon az okt\u00f3beri vas\u00e1rnapon. A TV el\u0151l menek\u00fclve a k\u00f6zeli parkba igyekezt\u00fcnk tartalmas kikapcsol\u00f3d\u00e1st keresve magunknak.<\/p>\r\n<p>A f\u00e9rfi egyed\u00fcl bandukolt a panelh\u00e1zak gondosan \u00e1polt h\u00e1ts\u00f3 kertje \u00e9s az \u00fat sz\u00e9l\u00e9n parkol\u00f3k aut\u00f3k k\u00f6z\u00f6tt. Kiss\u00e9 puf\u00f3k termet\u00e9vel szinte teljes sz\u00e9less\u00e9g\u00e9ben elfoglalta a j\u00e1rd\u00e1t.<\/p>\r\n<p>Nyolc, hat, negyven, h\u00e1rom: \u00e9letkorunk \u00e9vekben. Sorban \u00edgy kerekezt\u00fcnk m\u00f6g\u00f6tte h\u00e1rom biciklin, a nagyobbacsk\u00e1k saj\u00e1t jogon, a kisl\u00e1nyom re\u00e1m utalva, gyerek\u00fcl\u00e9sben \u00e9lvezte m\u00f6g\u00f6ttem a kiruccan\u00e1s \u00f6r\u00f6meit. Feltorl\u00f3dtunk az \u00far m\u00f6g\u00f6tt, fiacsk\u00e1m finoman, de \u00e9lvezettel megp\u00f6ccintette piciny csengetty\u0171j\u00e9t.<\/p>\r\n<p>\u201eTakarodj inn\u00e9t, m\u00e9g majd \u00e9n fogok kit\u00e9rni el\u0151led, h\u00fazz\u00e1l el a j\u00e1rd\u00e1r\u00f3l\u201d - sz\u00f3lt r\u00e1 zord hangon ember\u00fcnk, maga m\u00f6g\u00e9 sem pillantva.<\/p>\r\n<p>Utat nem nyerv\u00e9n magunknak, lesz\u00e1llani k\u00e9nyszer\u00fclt\u00fcnk kedvenc parip\u00e1inkr\u00f3l. Nagyv\u00e1rosi forgalomban edz\u0151d\u00f6tt apukak\u00e9nt els\u0151 zsigeri reakci\u00f3m persze szaftos \"krvny, bzmg, fsz, kcsg\" megfogalmaz\u00e1sban t\u00f6rt volna felsz\u00ednre, azonban a felt\u00e9teles reflexet a vas\u00e1rnapra, a naps\u00fct\u00e9sre, \u00e9s nem utols\u00f3sorban a gyermekek nevel\u00e9s\u00e9re val\u00f3 tekintettel siker\u00fclt magamba fojtanom. Indulataim f\u00e9kezve, fojtott hangon csak annyit v\u00e1laszoltam a csal\u00e1domat \u00e9rt t\u00e1mad\u00e1sra, hogy \u201eGratul\u00e1lok Uram. Maga fantasztikus!\u201d Azt\u00e1n m\u00e9g leal\u00e1z\u00f3n hozz\u00e1tettem, hogy \u201eGyertek gyerekek, menj\u00fcnk!\u201d<\/p>\r\n<p>A f\u00e9rfi m\u00e9g pr\u00f3b\u00e1lkozott, \u00f6kl\u00e9t r\u00e1zta, hogy mit k\u00e9pzel\u00fcnk, meg egy\u00e9bk\u00e9nt is, de a fel\u00e9nk dobott keszty\u0171t nem vett\u00fck fel.<\/p>\r\n<p>A parkba \u00e9rve remek m\u00f3ka vette kezdet\u00e9t. M\u00e1r-m\u00e1r elfelejtett\u00fck az im\u00e9nti inzultust, m\u00edgnem ember\u00fcnk v\u00e1ratlanul megjelent mellett\u00fcnk. Messzir\u0151l integetve megsz\u00f3l\u00edt.<\/p>\r\n<p>\u201eTudja, maga nem tudja!\u201d Buszsof\u0151r, \u00e9s reggel \u00f6tt\u0151l szolg\u00e1latban. Vas\u00e1rnap. Annyi h\u00fclye van az \u00faton. Folyton besz\u00f3lnak. \u00c9s \u0151 nem akarta ezt a gyerekekkel. Azt hitte valami bunk\u00f3 le akarja szor\u00edtani. \u00c9s van egy h\u00e9t\u00e9ves kisl\u00e1nya. Alig v\u00e1rta, hogy vele legyen v\u00e9gre. \u00c9s most nem tud a szem\u00e9be n\u00e9zni.<\/p>\r\n<p>\u00c9s \u00e9n akkor megbocs\u00e1tottam mindent ennek az embernek. \u00c9s \u00e9n akkor megk\u00f6sz\u00f6ntem neki, hogy volt ereje lej\u00f6nni bocs\u00e1natot k\u00e9rni. Kezet r\u00e1ztunk, de m\u00e9g mindig annyira le volt s\u00fajtva, hogy \u00fagy \u00e9reztem, hogy egy k\u00e9zfog\u00e1s nem el\u00e9g. \u00c9s akkor egym\u00e1st szemb\u0151l \u00e1tkarolva megveregett\u00fck egym\u00e1s v\u00e1ll\u00e1t. Mintha csak focimeccsen. Igaz\u00e1n sportszer\u0171en.<\/p>\r\n<p>A gyerekek \u0151szint\u00e9n meglep\u0151dtek: \u201eDe Apu, egy idegen emberrel?\u201d<\/p>\r\n<p>\u201eF\u00e9rfias \u00f6lel\u00e9s\u201d - magyar\u00e1ztam nekik, de azt hiszem nem \u00e9rtett\u00e9k meg teljes\u00e9ggel.<\/p>\r\n<p>A f\u00e9rfiass\u00e1g nem csak izomb\u00f3l, hanem er\u00e9nyb\u0151l is \u00e1ll. L\u00e1ttak ilyet is, majd k\u00e9s\u0151bb meg\u00e9rtik. Mi meg feln\u0151ttek? Azt hiszem aznap mindannyian t\u00f6bbek lett\u00fcnk. Nem kev\u00e9ssel.<\/p>\r\n<p>&nbsp;<\/p>\r\n<p>Aj\u00e1nljuk m\u00e9g:<\/p>\r\n<p><a href=\"https:\/\/ponthu.cafeblog.hu\/2015\/09\/14\/mindennapi-imaink\/\">Mindennapi im\u00e1ink<\/a><\/p>\r\n<p><a href=\"https:\/\/ponthu.cafeblog.hu\/2014\/12\/05\/egy-vilagvege-elmelet-tanulsagai-avagy-mi-van-a-hidon-tul\/\">Egy vil\u00e1gv\u00e9ge elm\u00e9let tanuls\u00e1gai<\/a><\/p>","type":"rich","thumbnail_url":"https:\/\/ponthu.cafeblog.hu\/files\/2015\/09\/FerfiasOleles01-150x150.jpg","thumbnail_width":150,"thumbnail_height":150}